{"id":629,"date":"2021-06-08T15:59:49","date_gmt":"2021-06-08T14:59:49","guid":{"rendered":"https:\/\/www.miph.gov.dz\/fr\/?page_id=629"},"modified":"2023-03-22T11:58:18","modified_gmt":"2023-03-22T10:58:18","slug":"biographie","status":"publish","type":"page","link":"https:\/\/www.miph.gov.dz\/fr\/mr-le-ministre\/biographie\/","title":{"rendered":"Biographie de Monsieur le Ministre"},"content":{"rendered":"\t\t<div data-elementor-type=\"wp-page\" data-elementor-id=\"629\" class=\"elementor elementor-629\">\n\t\t\t\t\t\t<section class=\"elementor-section elementor-top-section elementor-element elementor-element-b8f3b4c elementor-section-boxed elementor-section-height-default elementor-section-height-default\" data-id=\"b8f3b4c\" data-element_type=\"section\">\n\t\t\t\t\t\t<div class=\"elementor-container elementor-column-gap-default\">\n\t\t\t\t\t<div class=\"elementor-column elementor-col-50 elementor-top-column elementor-element elementor-element-b4a7a63\" data-id=\"b4a7a63\" data-element_type=\"column\">\n\t\t\t<div class=\"elementor-widget-wrap elementor-element-populated\">\n\t\t\t\t\t\t<div class=\"elementor-element elementor-element-47ffd91 elementor-widget elementor-widget-spacer\" data-id=\"47ffd91\" data-element_type=\"widget\" data-widget_type=\"spacer.default\">\n\t\t\t\t<div class=\"elementor-widget-container\">\n\t\t\t\t\t\t\t<div class=\"elementor-spacer\">\n\t\t\t<div class=\"elementor-spacer-inner\"><\/div>\n\t\t<\/div>\n\t\t\t\t\t\t<\/div>\n\t\t\t\t<\/div>\n\t\t\t\t<div class=\"elementor-element elementor-element-1157fda elementor-widget elementor-widget-text-editor\" data-id=\"1157fda\" data-element_type=\"widget\" data-widget_type=\"text-editor.default\">\n\t\t\t\t<div class=\"elementor-widget-container\">\n\t\t\t\t\t\t\t\t\t<p class=\"MsoNormal\" style=\"mso-margin-top-alt: auto; mso-margin-bottom-alt: auto; text-align: justify; text-justify: inter-ideograph; line-height: normal;\"><span style=\"font-size: 16.0pt; mso-fareast-font-family: 'Times New Roman'; mso-bidi-font-family: Calibri; mso-bidi-theme-font: minor-latin;\">Nom : Aoun <\/span><\/p><p class=\"MsoNormal\" style=\"mso-margin-top-alt: auto; mso-margin-bottom-alt: auto; text-align: justify; text-justify: inter-ideograph; line-height: normal;\"><span style=\"font-size: 16.0pt; mso-fareast-font-family: 'Times New Roman'; mso-bidi-font-family: Calibri; mso-bidi-theme-font: minor-latin;\">Pr\u00e9nom : Ali<\/span><\/p><p class=\"MsoNormal\" style=\"mso-margin-top-alt: auto; margin-right: -1.0cm; mso-margin-bottom-alt: auto; text-align: justify; text-justify: inter-ideograph; line-height: normal;\"><span style=\"font-size: 16.0pt; mso-fareast-font-family: 'Times New Roman'; mso-bidi-font-family: Calibri; mso-bidi-theme-font: minor-latin;\">Date et lieu de naissance : 06 Mai 1946\u00a0<\/span><\/p><p class=\"MsoNormal\" style=\"mso-margin-top-alt: auto; margin-right: -1.0cm; mso-margin-bottom-alt: auto; text-align: justify; text-justify: inter-ideograph; line-height: normal;\"><span style=\"font-size: 16.0pt; mso-fareast-font-family: 'Times New Roman'; mso-bidi-font-family: Calibri; mso-bidi-theme-font: minor-latin;\">\u00e0 Temacine,\u00a0 wilaya de \u00a0Touggourt<\/span><\/p><p>\u00a0<\/p><p class=\"MsoNormal\" style=\"mso-margin-top-alt: auto; mso-margin-bottom-alt: auto; text-align: justify; text-justify: inter-ideograph; line-height: normal;\"><span style=\"font-size: 16.0pt; mso-fareast-font-family: 'Times New Roman'; mso-bidi-font-family: Calibri; mso-bidi-theme-font: minor-latin;\">Situation familiale : Mari\u00e9, 04 enfants.<\/span><\/p>\t\t\t\t\t\t\t\t<\/div>\n\t\t\t\t<\/div>\n\t\t\t\t\t<\/div>\n\t\t<\/div>\n\t\t\t\t<div class=\"elementor-column elementor-col-50 elementor-top-column elementor-element elementor-element-9699aa2\" data-id=\"9699aa2\" data-element_type=\"column\">\n\t\t\t<div class=\"elementor-widget-wrap elementor-element-populated\">\n\t\t\t\t\t\t<div class=\"elementor-element elementor-element-9fda430 elementor-widget elementor-widget-image\" data-id=\"9fda430\" data-element_type=\"widget\" data-widget_type=\"image.default\">\n\t\t\t\t<div class=\"elementor-widget-container\">\n\t\t\t\t\t\t\t\t\t\t\t\t\t\t\t<img fetchpriority=\"high\" decoding=\"async\" width=\"360\" height=\"460\" src=\"https:\/\/www.miph.gov.dz\/fr\/wp-content\/uploads\/2022\/09\/Ali-aoun.jpg\" class=\"attachment-large size-large wp-image-10994\" alt=\"\" srcset=\"https:\/\/www.miph.gov.dz\/fr\/wp-content\/uploads\/2022\/09\/Ali-aoun.jpg 360w, https:\/\/www.miph.gov.dz\/fr\/wp-content\/uploads\/2022\/09\/Ali-aoun-235x300.jpg 235w\" sizes=\"(max-width: 360px) 100vw, 360px\" \/>\t\t\t\t\t\t\t\t\t\t\t\t\t\t\t<\/div>\n\t\t\t\t<\/div>\n\t\t\t\t\t<\/div>\n\t\t<\/div>\n\t\t\t\t\t<\/div>\n\t\t<\/section>\n\t\t\t\t<section class=\"elementor-section elementor-top-section elementor-element elementor-element-ff8af09 elementor-section-boxed elementor-section-height-default elementor-section-height-default\" data-id=\"ff8af09\" data-element_type=\"section\">\n\t\t\t\t\t\t<div class=\"elementor-container elementor-column-gap-default\">\n\t\t\t\t\t<div class=\"elementor-column elementor-col-100 elementor-top-column elementor-element elementor-element-44abfbc\" data-id=\"44abfbc\" data-element_type=\"column\">\n\t\t\t<div class=\"elementor-widget-wrap elementor-element-populated\">\n\t\t\t\t\t\t<div class=\"elementor-element elementor-element-4ad6cb9 elementor-widget elementor-widget-text-editor\" data-id=\"4ad6cb9\" data-element_type=\"widget\" data-widget_type=\"text-editor.default\">\n\t\t\t\t<div class=\"elementor-widget-container\">\n\t\t\t\t\t\t\t\t\t<h6><span style=\"color: #097988;\"><b>Formation &amp; Dipl\u00f4mes<\/b><\/span><\/h6>\n<p style=\"padding-left: 40px;\">1966 -1972 Ing\u00e9nieure- Chimie industrielle, Belgique.<\/p>\n<p style=\"padding-left: 40px;\">Institut- Saint LUC Mons \u2013 Belgique.<\/p>\n<p style=\"padding-left: 40px;\">Promotion Juin 1972.<\/p>\n<h6><span style=\"color: #097988;\"><b>Parcours Professionnel<\/b><\/span><\/h6>\n<p style=\"padding-left: 40px;\">Septembre 2022- Mars 2023:&nbsp;<span style=\"color: rgb(114, 114, 114); font-family: var( --e-global-typography-text-font-family ), Sans-serif;\">Ministre de l\u2019Industrie Pharmaceutique<\/span><\/p><p style=\"padding-left: 40px;\">2009 \u2013 2022 : Consultant en organisation et gestion de l\u2019entreprise.<\/p>\n<p style=\"padding-left: 40px;\">1984 \u2013 1986 : Maitre de conf\u00e9rences \u00e0 l\u2019Institut National des Industries L\u00e9g\u00e8res , Boumerdes.<\/p>\n<p style=\"padding-left: 40px;\">1979 &#8211; 1982 : Directeur Central \u00e0 la Soci\u00e9t\u00e9 Nationale des Industrie Chimique (SNIC).<\/p>\n<p style=\"padding-left: 40px;\">1974 \u2013 1979 : Directeur d\u2019unit\u00e9 \u00e0 la Soci\u00e9t\u00e9 Nationale des Industrie Chimique (SNIC).<\/p>\n<h6><span style=\"color: #097988;\"><b>Fonction actuelle&nbsp;<\/b><\/span><\/h6>\n<p style=\"padding-left: 40px;\">Mars 2023: Ministre de l\u2019Industrie et de la Production Pharmaceutique<\/p>\n<h6><span style=\"color: #097988;\"><b>Fonctions Pr\u00e9c\u00e9dentes<\/b><\/span><\/h6>\n<p style=\"padding-left: 40px;\">Avr. 2022 &#8211; Sept. 2022 : Directeur G\u00e9n\u00e9ral de la Pharmacie Centrale des H\u00f4pitaux.<\/p>\n<p style=\"padding-left: 40px;\">1995 \u2013 2008 : Pr\u00e9sident Directeur G\u00e9n\u00e9ral du Groupe SAIDAL.<\/p>\n<p style=\"padding-left: 40px;\">1986 \u2013 1995 : Sous- Directeur, Directeur chimie, pharmacie et engrais au &nbsp;Minist\u00e8re de l\u2019Industrie.<\/p>\n<p style=\"padding-left: 40px;\">1983 \u2013 1985 : Directeur G\u00e9n\u00e9ral de l\u2019Entreprise Nationale des D\u00e9tergents et produits d\u2019entretien ENAD<\/p>\n<h6><span style=\"color: #097988;\"><b>Prix et Distinction<\/b><\/span><\/h6>\n<p style=\"padding-left: 40px;\">Elu meilleur Manager Alg\u00e9rien en 1999.<\/p>\n<p style=\"padding-left: 40px;\">2000 \u2013 2008&nbsp;: Pr\u00e9sident du Club Excellence Management<\/p>\n<p style=\"padding-left: 40px;\">2000 -2008 : Pr\u00e9sident du Jury pour l\u2019attribution du troph\u00e9e du Meilleure Manager de l\u2019ann\u00e9e.<\/p>\n<p style=\"padding-left: 40px;\">2004-2008 : Pr\u00e9sident du Jury pour l\u2019attribution du prix de la qualit\u00e9.<\/p>\n<p style=\"padding-left: 40px;\">\n<\/p>\t\t\t\t\t\t\t\t<\/div>\n\t\t\t\t<\/div>\n\t\t\t\t\t<\/div>\n\t\t<\/div>\n\t\t\t\t\t<\/div>\n\t\t<\/section>\n\t\t\t\t<\/div>\n\t\t","protected":false},"excerpt":{"rendered":"<p>Nom : Aoun Pr\u00e9nom : Ali Date et lieu de naissance : 06 Mai 1946\u00a0 \u00e0 Temacine,\u00a0 wilaya de \u00a0Touggourt \u00a0 Situation familiale : Mari\u00e9, 04 enfants. Formation &amp; Dipl\u00f4mes 1966 -1972 Ing\u00e9nieure- Chimie industrielle, Belgique. Institut- Saint LUC Mons \u2013 Belgique. Promotion Juin 1972. Parcours Professionnel Septembre 2022- Mars 2023:&nbsp;Ministre de l\u2019Industrie Pharmaceutique 2009 [&hellip;]<\/p>\n","protected":false},"author":1,"featured_media":0,"parent":1548,"menu_order":0,"comment_status":"closed","ping_status":"closed","template":"","meta":{"footnotes":""},"class_list":["post-629","page","type-page","status-publish","hentry"],"_links":{"self":[{"href":"https:\/\/www.miph.gov.dz\/fr\/wp-json\/wp\/v2\/pages\/629","targetHints":{"allow":["GET"]}}],"collection":[{"href":"https:\/\/www.miph.gov.dz\/fr\/wp-json\/wp\/v2\/pages"}],"about":[{"href":"https:\/\/www.miph.gov.dz\/fr\/wp-json\/wp\/v2\/types\/page"}],"author":[{"embeddable":true,"href":"https:\/\/www.miph.gov.dz\/fr\/wp-json\/wp\/v2\/users\/1"}],"replies":[{"embeddable":true,"href":"https:\/\/www.miph.gov.dz\/fr\/wp-json\/wp\/v2\/comments?post=629"}],"version-history":[{"count":120,"href":"https:\/\/www.miph.gov.dz\/fr\/wp-json\/wp\/v2\/pages\/629\/revisions"}],"predecessor-version":[{"id":14560,"href":"https:\/\/www.miph.gov.dz\/fr\/wp-json\/wp\/v2\/pages\/629\/revisions\/14560"}],"up":[{"embeddable":true,"href":"https:\/\/www.miph.gov.dz\/fr\/wp-json\/wp\/v2\/pages\/1548"}],"wp:attachment":[{"href":"https:\/\/www.miph.gov.dz\/fr\/wp-json\/wp\/v2\/media?parent=629"}],"curies":[{"name":"wp","href":"https:\/\/api.w.org\/{rel}","templated":true}]}}